{"id":2283,"type":"Standard","slug":"\/","layout":"Default","servicepage":false,"hideSocialbar":false,"meta":{"title":"Dr. Ausb\u00fcttel GmbH & Co. KG - Arbeit, die verbindet. Jetzt bewerben.","description":"Arbeiten mit Sinn bei Dr. Ausb\u00fcttel - Werden Sie Teil eines werteorientierten, wachsenden Familienunternehmens im Gesundheitswesen. Jetzt bewerben.","canonical":"https:\/\/www.drausbuettel.de\/","robots":{"noIndex":false,"noFollow":false,"noImageIndex":false,"noArchive":false,"noSnippet":false},"og":{"title":"Dr. Ausb\u00fcttel GmbH & Co. KG - Arbeit, die verbindet. Jetzt bewerben.","description":"Arbeiten mit Sinn bei Dr. Ausb\u00fcttel - Werden Sie Teil eines werteorientierten, wachsenden Familienunternehmens im Gesundheitswesen. Jetzt bewerben.","url":"https:\/\/www.drausbuettel.de\/","image":[{"name":"000_DrAus_Logo_ohne_Claim.png","publicUrl":"https:\/\/prod.assets.drausbuettel.de\/SACSw7jJAwVoL8eHcS5fNDDgLwdQoMrJySw_l9WyX6s\/w:500\/h:262\/fn:Y3NtXzAwMF9EckF1c19Mb2dvX29obmVfQ2xhaW1fN2Q0YmQzZGVmOQ:t\/cb:50b031aeaeebd44bc2065e58c2be28e5949f471b\/el:1\/q:85\/c:500:261.78010471204:fp:0.5:0.5\/rt:fill\/aHR0cDovL3R5cG8zLmRyYWNvLXByb2Quc3ZjLmNsdXN0ZXIubG9jYWwvZmlsZWFkbWluL0RyQXVzYnVldHRlbC8wMDBfQWxsZ2VtZWluZXMvTG9nb3MvMDAwX0RyQXVzX0xvZ29fb2huZV9DbGFpbS5wbmc","originalUrl":"https:\/\/files.drausbuettel.de\/fileadmin\/DrAusbuettel\/000_Allgemeines\/Logos\/000_DrAus_Logo_ohne_Claim.png","mimeType":"image\/png","alternative":"Logo von Dr. Ausb\u00fcttel MedTech Unternehmen aus Dortmund","width":500,"height":262,"title":"Dr. Ausb\u00fcttel Logo","description":"Logo von Dr. Ausb\u00fcttel, MedTech-Unternehmen aus Dortmund mit Fokus auf Wundversorgung und soziale Verantwortung"}]},"twitter":{"card":"summary"}},"menuImage":{"error":"no fileReference found"},"breadcrumb":[],"content":{"colPos0":[{"id":46670,"type":"headless_big_teaser","colPos":0,"isContainerContent":false,"disableHyphens":false,"equalizeContent":false,"header":"Produkte mit Sinn. \\n <mark>Arbeit, die verbindet.<\/mark>","topline":"","headerLayout":1,"headlessHeaderLayoutStyle":1,"bodytext":"<p>Um einen Beitrag zu leisten, Wunden bezahlbar zu heilen, entwickeln und vermarkten wir bei Dr. Ausb\u00fcttel in Dortmund Produkte und Services zur Wundversorgung. Hinter unseren Marken DRACO und Piratoplast stehen \u00fcber 250 Menschen mit dem Ziel, wirtschaftlichen Erfolg und soziales Engagement zu verbinden.<\/p>\n<p><a href=\"https:\/\/www.drausbuettel.de\/jobs\/\" class=\"button-primary\">Offene Jobs<\/a><\/p>","buttonText":"","buttonLink":"https:\/\/jobs.drausbuettel.de\/","image":[{"name":"YT_Teaserbild.jpg","publicUrl":"https:\/\/prod.assets.drausbuettel.de\/ANg4GAdalfXEyh5aOky7Nmx5bjy5EvA6c-2q7hBBF1w\/w:1280\/h:720\/fn:Y3NtX1lUX1RlYXNlcmJpbGRfZGUyODgwZGQyOQ:t\/cb:8dfe815bbb2ad3b0a4381170806d6683a10bb1be\/el:1\/q:85\/aHR0cDovL3R5cG8zLmRyYWNvLXByb2Quc3ZjLmNsdXN0ZXIubG9jYWwvZmlsZWFkbWluL0RyQXVzYnVldHRlbC9QcmUtTGF1bmNoX1Rlc3RzZWl0ZW4vWVRfVGVhc2VyYmlsZC5qcGc","originalUrl":"https:\/\/files.drausbuettel.de\/fileadmin\/DrAusbuettel\/Pre-Launch_Testseiten\/YT_Teaserbild.jpg","mimeType":"image\/jpeg","alternative":null,"width":1280,"height":720}],"imageMobile":[{"name":"YT_Teaserbild.jpg","publicUrl":"https:\/\/prod.assets.drausbuettel.de\/H-XlQE1Fzn-u9auH2HwbBBeYwJG4cQNeOB9wl51Mlvg\/w:960\/h:720\/fn:Y3NtX1lUX1RlYXNlcmJpbGRfOTMyOTNhZTVjMQ:t\/cb:8dfe815bbb2ad3b0a4381170806d6683a10bb1be\/el:1\/q:85\/c:960:720:fp:0.5:0.5\/rt:fill\/aHR0cDovL3R5cG8zLmRyYWNvLXByb2Quc3ZjLmNsdXN0ZXIubG9jYWwvZmlsZWFkbWluL0RyQXVzYnVldHRlbC9QcmUtTGF1bmNoX1Rlc3RzZWl0ZW4vWVRfVGVhc2VyYmlsZC5qcGc","originalUrl":"https:\/\/files.drausbuettel.de\/fileadmin\/DrAusbuettel\/Pre-Launch_Testseiten\/YT_Teaserbild.jpg","mimeType":"image\/jpeg","alternative":null,"width":960,"height":720}],"imageLayout":"right","imageMasked":0,"video":[{"publicUrl":"https:\/\/files.drausbuettel.de\/fileadmin\/DrAusbuettel\/00_Startseite\/00_Startseite_RecFilm_Short.mp4","properties":{"title":null,"alternative":null,"description":null,"link":null,"linkData":null,"mimeType":"video\/mp4","type":"video","filename":"00_Startseite_RecFilm_Short.mp4","originalUrl":"https:\/\/files.drausbuettel.de\/fileadmin\/DrAusbuettel\/00_Startseite\/00_Startseite_RecFilm_Short.mp4","uidLocal":12534,"fileReferenceUid":22987,"size":"9 MB","dimensions":{"width":0,"height":0},"cropDimensions":{"width":0,"height":0},"crop":"","autoplay":0,"extension":"mp4"}}],"mobileVideo":[{"publicUrl":"https:\/\/files.drausbuettel.de\/fileadmin\/DrAusbuettel\/00_Startseite\/00_Startseite_RecFilm_Short.mp4","properties":{"title":null,"alternative":null,"description":null,"link":null,"linkData":null,"mimeType":"video\/mp4","type":"video","filename":"00_Startseite_RecFilm_Short.mp4","originalUrl":"https:\/\/files.drausbuettel.de\/fileadmin\/DrAusbuettel\/00_Startseite\/00_Startseite_RecFilm_Short.mp4","uidLocal":12534,"fileReferenceUid":22988,"size":"9 MB","dimensions":{"width":0,"height":0},"cropDimensions":{"width":0,"height":0},"crop":"","autoplay":0,"extension":"mp4"}}],"contentBackground":"white","buttonIcon":"IconSmiley"},{"id":49759,"type":"headless_container_bg","colPos":0,"isContainerContent":false,"disableHyphens":false,"equalizeContent":false,"header":"","topline":"","headerLayout":2,"headlessHeaderLayoutStyle":2,"cols":[{"config":{"name":"Inhaltsbereich 100%","colPos":200},"contentElements":[{"id":49760,"type":"headless_container_2col_66","colPos":200,"isContainerContent":true,"disableHyphens":false,"equalizeContent":false,"header":"","topline":"","headerLayout":2,"headlessHeaderLayoutStyle":2,"cols":[{"config":{"name":"Inhaltsbereich 66%","colPos":207},"contentElements":[{"id":48642,"type":"headless_text","colPos":207,"isContainerContent":true,"disableHyphens":false,"equalizeContent":false,"header":"Unser Warum?!","topline":"","headerLayout":2,"headlessHeaderLayoutStyle":2,"bodytext":"<p>Wir m\u00f6chten dazu beitragen:<\/p><ul class=\"list-smiley\"><li data-list-item-id=\"ec5a11b1517ad5e9773cf4ebdb6e8b734\">Wunden bezahlbar zu heilen<\/li><li data-list-item-id=\"e3144153e6cccfe14ebd4e0ee064b8d65\">Wirtschaftlichen Erfolg mit sozialem Engagement zu verbinden<\/li><li data-list-item-id=\"eef2571780ca9ef4d2654d5ef067870aa\">Sinnvolles leidenschaftliches Arbeiten sowie pers\u00f6nliche Entwicklung zu erm\u00f6glichen<\/li><\/ul><p><a href=\"https:\/\/www.drausbuettel.de\/systemseiten\/unser-warum\/\" class=\"button-primary\">Mehr dazu<\/a><\/p>"}]}]}]}],"backgroundImage":[{"name":"Wimmelbild_Mitte_1920.jpg","publicUrl":"https:\/\/prod.assets.drausbuettel.de\/QEr6fgkANPvL1KNKQONxLc3tdkjDMivMp9RJAuOH8LQ\/w:1549\/h:630\/fn:Y3NtX1dpbW1lbGJpbGRfTWl0dGVfMTkyMF85ZDUyYTVmYzdj:t\/cb:1f58239f70525ce8be14f00bd645d92489452284\/el:1\/q:85\/c:1549.44:630.21834061135:fp:0.5835:0.43668122270742\/rt:fill\/aHR0cDovL3R5cG8zLmRyYWNvLXByb2Quc3ZjLmNsdXN0ZXIubG9jYWwvZmlsZWFkbWluL0RyQXVzYnVldHRlbC9XaW1tZWxiaWxkL1dpbW1lbGJpbGRfTWl0dGVfMTkyMC5qcGc","originalUrl":"https:\/\/files.drausbuettel.de\/fileadmin\/DrAusbuettel\/Wimmelbild\/Wimmelbild_Mitte_1920.jpg","mimeType":"image\/jpeg","alternative":null,"width":1549,"height":630}],"imagePositionVertical":"top","imagePositionHorizontal":"left","imageSize":"auto","imageSizeWidth":"","showOnMobile":true,"bgIndentation":false,"background":"gray"},{"id":47160,"type":"headless_container_3col_33","colPos":0,"isContainerContent":false,"disableHyphens":false,"equalizeContent":false,"header":"","topline":"","headerLayout":2,"headlessHeaderLayoutStyle":2,"cols":[{"config":{"name":"Inhaltsbereich 33%","colPos":204},"contentElements":[{"id":47161,"type":"headless_content_teaser","colPos":204,"isContainerContent":true,"disableHyphens":false,"equalizeContent":false,"header":"Produkte, die verbinden","image":[{"name":"00_wundversorgung-behandlung-patientin-dr-ausbuettel.jpg","publicUrl":"https:\/\/prod.assets.drausbuettel.de\/Mq4IX1d792KjIu_IjsPMZXnIVFSiXnJVGxHotv3MAWM\/w:1918\/h:1437\/fn:Y3NtXzAwX3d1bmR2ZXJzb3JndW5nLWJlaGFuZGx1bmctcGF0aWVudGluLWRyLWF1c2J1ZXR0ZWxfZTc0ODFmM2ExNQ:t\/cb:6a48fcc9df06fb06221d8d4ca1460aa0800243b0\/el:1\/q:85\/c:1918.0780780781:1437.0787716956:fp:0.4994994994995:0.49933244325768\/rt:fill\/aHR0cDovL3R5cG8zLmRyYWNvLXByb2Quc3ZjLmNsdXN0ZXIubG9jYWwvZmlsZWFkbWluL0RyQXVzYnVldHRlbC8wMF9TdGFydHNlaXRlLzAwX3d1bmR2ZXJzb3JndW5nLWJlaGFuZGx1bmctcGF0aWVudGluLWRyLWF1c2J1ZXR0ZWwuanBn","originalUrl":"https:\/\/files.drausbuettel.de\/fileadmin\/DrAusbuettel\/00_Startseite\/00_wundversorgung-behandlung-patientin-dr-ausbuettel.jpg","mimeType":"image\/jpeg","alternative":"Pflegekraft bereitet Wundversorgung bei Patientin in medizinischer Behandlung vor","width":1918,"height":1437,"title":"Wundversorgung bei Dr. Ausb\u00fcttel ","description":"Wundversorgung durch medizinisches Fachpersonal mit Produkten von Dr. Ausb\u00fcttel bei der Behandlung einer Patientin "}],"text":"Unsere Kunden stehen an erster Stelle. Mit passenden Produkten und Services m\u00f6chten wir ein verl\u00e4sslicher Partner in der Wundversorgung sein.","link":{"href":"https:\/\/www.drausbuettel.de\/produkte-die-verbinden\/","target":null,"class":null,"title":null,"linkText":"Produkte, die verbinden","additionalAttributes":[]},"video":[]}]},{"config":{"name":"Inhaltsbereich 33%","colPos":205},"contentElements":[{"id":47162,"type":"headless_content_teaser","colPos":205,"isContainerContent":true,"disableHyphens":false,"equalizeContent":false,"header":"Was uns ausmacht","image":[{"name":"0103_die_Menschen_dahinter__1070245101.jpg","publicUrl":"https:\/\/prod.assets.drausbuettel.de\/m0B-92WOfq_eicDqTierqz8bN5BwvIaFziIPZLuZjTg\/w:1437\/h:1078\/fn:Y3NtXzAxMDNfZGllX01lbnNjaGVuX2RhaGludGVyX18xMDcwMjQ1MTAxXzJiODc3NjJlODI:t\/cb:910d719ea9d23cde1b9b7a50fb5069ab89d7f434\/el:1\/q:85\/c:1437.3333333333:1078:fp:0.5:0.5\/rt:fill\/aHR0cDovL3R5cG8zLmRyYWNvLXByb2Quc3ZjLmNsdXN0ZXIubG9jYWwvZmlsZWFkbWluL0RyQXVzYnVldHRlbC8wMl9XYXNfdW5zX2F1c21hY2h0LzAyXzAzX2RpZV9NZW5zY2hlbl9kYWhpbnRlci8wMTAzX2RpZV9NZW5zY2hlbl9kYWhpbnRlcl9fMTA3MDI0NTEwMS5qcGc","originalUrl":"https:\/\/files.drausbuettel.de\/fileadmin\/DrAusbuettel\/02_Was_uns_ausmacht\/02_03_die_Menschen_dahinter\/0103_die_Menschen_dahinter__1070245101.jpg","mimeType":"image\/jpeg","alternative":null,"width":1437,"height":1078}],"text":"Durch langj\u00e4hriges Engagement mit unseren Partnern tragen wir dazu bei, unsere Gesellschaft nachhaltig zu st\u00e4rken.","link":{"href":"https:\/\/www.drausbuettel.de\/was-uns-ausmacht\/","target":null,"class":null,"title":null,"linkText":"Was uns ausmacht","additionalAttributes":[]},"video":[]}]},{"config":{"name":"Inhaltsbereich 33%","colPos":206},"contentElements":[{"id":47163,"type":"headless_content_teaser","colPos":206,"isContainerContent":true,"disableHyphens":false,"equalizeContent":false,"header":"Ihre Zukunft bei uns","image":[{"name":"_1095890.jpg","publicUrl":"https:\/\/prod.assets.drausbuettel.de\/IKNOZ4tMYhaMcH1x7eHWwgI0Q7ys7DVFDnHdhcS5Ln4\/w:1440\/h:1080\/fn:Y3NtX18xMDk1ODkwX2ZlYWQ4NzliOGM:t\/cb:d445d18c8af1cc9c537b9c8607216fa5b55f300b\/el:1\/q:85\/c:1440:1080:fp:0.52:0.5\/rt:fill\/aHR0cDovL3R5cG8zLmRyYWNvLXByb2Quc3ZjLmNsdXN0ZXIubG9jYWwvZmlsZWFkbWluL0RyQXVzYnVldHRlbC8wMl9XYXNfdW5zX2F1c21hY2h0LzAyXzAzX2RpZV9NZW5zY2hlbl9kYWhpbnRlci9fMTA5NTg5MC5qcGc","originalUrl":"https:\/\/files.drausbuettel.de\/fileadmin\/DrAusbuettel\/02_Was_uns_ausmacht\/02_03_die_Menschen_dahinter\/_1095890.jpg","mimeType":"image\/jpeg","alternative":null,"width":1440,"height":1080}],"text":"Bei uns erleben Sie wertegeleitetes Arbeiten und Menschen mit viel Leidenschaft, Sinn und Antrieb. Werden Sie Teil von uns!","link":{"href":"https:\/\/www.drausbuettel.de\/ihre-zukunft-bei-uns\/","target":null,"class":null,"title":null,"linkText":"Ihre Zukunft bei uns","additionalAttributes":[]},"video":[]}]}]},{"id":47980,"type":"headless_shortfacts","colPos":0,"isContainerContent":false,"disableHyphens":false,"equalizeContent":false,"header":"Auf einen Blick","topline":"","headerLayout":2,"headlessHeaderLayoutStyle":2,"bodytext":"","factItems":[{"uid":19,"title":"Jahre Familientradition","valueInit":0,"valueFinal":131,"timePerStep":10,"incrementPerStep":1,"icon":[{"name":"000_pflaster-wundversorgung-medtech.svg","publicUrl":"https:\/\/prod.assets.drausbuettel.de\/SpbRCMcApiyMKtl_E-AoYNOxLBIn9j8hDtt40_aQREE\/w:86\/h:86\/fn:Y3NtXzAwMF9wZmxhc3Rlci13dW5kdmVyc29yZ3VuZy1tZWR0ZWNoX2EzMWQzYzk2MWM:t\/cb:8f57fe3dc8d3c1c44216ca32a697adb9f263aaaf\/el:1\/q:85\/aHR0cDovL3R5cG8zLmRyYWNvLXByb2Quc3ZjLmNsdXN0ZXIubG9jYWwvZmlsZWFkbWluL0RyQXVzYnVldHRlbC8wMDBfQWxsZ2VtZWluZXMvSWNvbnMvMDAwX3BmbGFzdGVyLXd1bmR2ZXJzb3JndW5nLW1lZHRlY2guc3Zn","originalUrl":"https:\/\/files.drausbuettel.de\/fileadmin\/DrAusbuettel\/000_Allgemeines\/Icons\/000_pflaster-wundversorgung-medtech.svg","mimeType":"image\/svg+xml","alternative":"Symbol f\u00fcr Pflaster f\u00fcr Wundversorgung im MedTech-Bereich von Dr. Ausb\u00fcttel","width":86,"height":86,"title":"Wundversorgung Pflaster","description":"Pflaster als Teil moderner Wundversorgung von Dr. Ausb\u00fcttel \u2013 MedTech-Produkte f\u00fcr die Behandlung akuter und chronischer Wunden"}]},{"uid":21,"title":"% der Gewinne gespendet","valueInit":0,"valueFinal":20,"timePerStep":100,"incrementPerStep":1,"icon":[{"name":"000_soziales-engagement-spende-herz.svg","publicUrl":"https:\/\/prod.assets.drausbuettel.de\/JAmdUksXlPqojlUg4h50HZbZoUYErFCH-ogzDumjfXo\/w:85\/h:85\/fn:Y3NtXzAwMF9zb3ppYWxlcy1lbmdhZ2VtZW50LXNwZW5kZS1oZXJ6XzE1YmJiNGIzN2I:t\/cb:a6f9e4e1ab068e38b669757197fd59d1d763e341\/el:1\/q:85\/c:85:85:fp:0.5:0.5\/rt:fill\/aHR0cDovL3R5cG8zLmRyYWNvLXByb2Quc3ZjLmNsdXN0ZXIubG9jYWwvZmlsZWFkbWluL0RyQXVzYnVldHRlbC8wMDBfQWxsZ2VtZWluZXMvSWNvbnMvMDAwX3NvemlhbGVzLWVuZ2FnZW1lbnQtc3BlbmRlLWhlcnouc3Zn","originalUrl":"https:\/\/files.drausbuettel.de\/fileadmin\/DrAusbuettel\/000_Allgemeines\/Icons\/000_soziales-engagement-spende-herz.svg","mimeType":"image\/svg+xml","alternative":"Symbol f\u00fcr soziales Engagement und gesellschaftliche Verantwortung bei Dr. Ausb\u00fcttel, H\u00e4nde umfassen Herz ","width":86,"height":85,"title":"Soziales Engagement","description":"Soziales Engagement von Dr. Ausb\u00fcttel: Verantwortung f\u00fcr die Gesellschaft durch Unterst\u00fctzung sozialer Projekte und sinnstiftendes Handeln"}]},{"uid":24,"title":"engagierte Mitarbeitende","valueInit":0,"valueFinal":250,"timePerStep":10,"incrementPerStep":1,"icon":[{"name":"000_mitarbeitende-team-arbeitgeber-dortmund.svg","publicUrl":"https:\/\/prod.assets.drausbuettel.de\/mfaIY1hSTv8xnr7GIKBXjreWMUA_x9RlpXHT74YeQJM\/w:74\/h:86\/fn:Y3NtXzAwMF9taXRhcmJlaXRlbmRlLXRlYW0tYXJiZWl0Z2ViZXItZG9ydG11bmRfODI4ZDQ1MjJjYg:t\/cb:c178b0efa6c21e141cf5aee64e7dabadd7d5bdc9\/el:1\/q:85\/aHR0cDovL3R5cG8zLmRyYWNvLXByb2Quc3ZjLmNsdXN0ZXIubG9jYWwvZmlsZWFkbWluL0RyQXVzYnVldHRlbC8wMDBfQWxsZ2VtZWluZXMvSWNvbnMvMDAwX21pdGFyYmVpdGVuZGUtdGVhbS1hcmJlaXRnZWJlci1kb3J0bXVuZC5zdmc","originalUrl":"https:\/\/files.drausbuettel.de\/fileadmin\/DrAusbuettel\/000_Allgemeines\/Icons\/000_mitarbeitende-team-arbeitgeber-dortmund.svg","mimeType":"image\/svg+xml","alternative":"Symbol f\u00fcr Mitarbeitende bei Dr. Ausb\u00fcttel, Strichzeichnung eines Menschen ","width":74,"height":86,"title":"Mitarbeitende Dr. Ausb\u00fcttel","description":"Mitarbeitende von Dr. Ausb\u00fcttel stehen f\u00fcr Teamarbeit, sinnstiftende Arbeit und eine werteorientierte Unternehmenskultur im MedTech-Unternehmen in Dortmund"}]},{"uid":30,"title":"Werkst\u00e4ttler","valueInit":0,"valueFinal":1100,"timePerStep":100,"incrementPerStep":20,"icon":[{"name":"000_inklusion-arbeitsplatz-rollstuhl.svg","publicUrl":"https:\/\/prod.assets.drausbuettel.de\/vj4ye6qaO4D779xrGSXaCSQv-x8D9xRe6YJNjXFHWEI\/w:99\/h:86\/fn:Y3NtXzAwMF9pbmtsdXNpb24tYXJiZWl0c3BsYXR6LXJvbGxzdHVobF9iZjg1NmI5OGIz:t\/cb:309b47dd5de56dfcaa0c3c1a995a0c17c230245e\/el:1\/q:85\/aHR0cDovL3R5cG8zLmRyYWNvLXByb2Quc3ZjLmNsdXN0ZXIubG9jYWwvZmlsZWFkbWluL0RyQXVzYnVldHRlbC8wMDBfQWxsZ2VtZWluZXMvSWNvbnMvMDAwX2lua2x1c2lvbi1hcmJlaXRzcGxhdHotcm9sbHN0dWhsLnN2Zw","originalUrl":"https:\/\/files.drausbuettel.de\/fileadmin\/DrAusbuettel\/000_Allgemeines\/Icons\/000_inklusion-arbeitsplatz-rollstuhl.svg","mimeType":"image\/svg+xml","alternative":"Symbol f\u00fcr Inklusion und Zusammenarbeit mit Menschen mit Behinderung bei Dr. Ausb\u00fcttel","width":99,"height":86,"title":"Inklusion im Unternehmen","description":"Inklusion bei Dr. Ausb\u00fcttel: Menschen mit Behinderung sind selbstverst\u00e4ndlicher Teil des Teams und arbeiten auf Augenh\u00f6he im Unternehmen"}]}]},{"id":47914,"type":"headless_container_bg","colPos":0,"isContainerContent":false,"disableHyphens":false,"equalizeContent":false,"header":"","topline":"","headerLayout":2,"headlessHeaderLayoutStyle":2,"cols":[{"config":{"name":"Inhaltsbereich 100%","colPos":200},"contentElements":[{"id":48561,"type":"headless_container_2col_50","colPos":200,"isContainerContent":true,"disableHyphens":false,"equalizeContent":false,"header":"","topline":"","headerLayout":2,"headlessHeaderLayoutStyle":2,"cols":[{"config":{"name":"Inhaltsbereich 50%","colPos":202},"contentElements":[{"id":48562,"type":"headless_text","colPos":202,"isContainerContent":true,"disableHyphens":false,"equalizeContent":false,"header":"<mark>Warum <\/mark>Ihre Geschichte vielleicht genau hier beginnt?","topline":"","headerLayout":2,"headlessHeaderLayoutStyle":2,"bodytext":"<p>Ein Job kann mehr bedeuten, als nur Geld zu verdienen.&nbsp;<\/p>\n<p>Bei uns treffen sinnvolle Produkte f\u00fcr das Gesundheitswesen auf eine werteorientierte Arbeitskultur, die Leistung mit echtem sozialen Engagement verbindet.<\/p>\n<p><a href=\"https:\/\/www.drausbuettel.de\/jobs\/\" class=\"button-primary\">Offene Jobs<\/a><\/p>"}]}]}]}],"backgroundImage":{"error":"no fileReference found"},"imagePositionVertical":"top","imagePositionHorizontal":"left","imageSize":"auto","imageSizeWidth":"","showOnMobile":true,"bgIndentation":false,"background":"gray"},{"id":47913,"type":"news_pi1","colPos":0,"isContainerContent":false,"disableHyphens":false,"equalizeContent":false,"content":{"header":"News im \u00dcberblick","subheader":"","headerLayout":2,"headerPosition":"","headerLink":"","data":{"list":[{"uid":1568,"title":"DRACO bei der PRAXISTOUR Premiere","teaser":"Bei der PRAXISTOUR Premiere in Leipzig war DRACO mit einem eigenen Stand vor Ort \u2013 mit Wundwissen, Produkten zum Anfassen und echtem Austausch mit \u00c4rzten und MFA.","isTopNews":false,"crdate":"2026-08-28","tstamp":"2026-08-28","datetime":"2026-08-28","archive":null,"author":{"author":"","authorEmail":""},"media":[{"type":"image","properties":{"id":30739,"type":2,"filename":"_DSC4609.jpg","title":"","alternative":"","description":"","link":"","mimetype":"image\/jpeg","showInPreview":0,"creationTime":"2026-08-28 11:53:00","modificationTime":"2026-08-28 11:53:00"},"cropareas":[{"cropAreaName":"default","image":{"name":"_DSC4609.jpg","publicUrl":"https:\/\/prod.assets.drausbuettel.de\/ix_5xomXNrRTNE6WDbBGksxy3_NpGhBzyUpgRkSgcW8\/w:1920\/h:1282\/fn:Y3NtX19EU0M0NjA5XzUzNDkzMzhhMmY:t\/cb:d2739304a4a0f3f3a6789ba43fa265a388615ab8\/el:1\/q:85\/aHR0cDovL3R5cG8zLmRyYWNvLXByb2Quc3ZjLmNsdXN0ZXIubG9jYWwvZmlsZWFkbWluL0RyQXVzYnVldHRlbC8wMV9Qcm9kdWt0ZV92ZXJiaW5kZW4vMDFfMDFfRHJhY28vX0RTQzQ2MDkuanBn","originalUrl":"https:\/\/files.drausbuettel.de\/fileadmin\/DrAusbuettel\/01_Produkte_verbinden\/01_01_Draco\/_DSC4609.jpg","mimeType":"image\/jpeg","alternative":null,"width":1920,"height":1282}},{"cropAreaName":"storyteaser","image":{"name":"_DSC4609.jpg","publicUrl":"https:\/\/prod.assets.drausbuettel.de\/1LlTIr55lwMRUZRnwk8noPmJgjQToyW77hS4jiTa-20\/w:1709\/h:1282\/fn:Y3NtX19EU0M0NjA5XzZhMzU1MWVkMmE:t\/cb:d2739304a4a0f3f3a6789ba43fa265a388615ab8\/el:1\/q:85\/c:1708.8:1282:fp:0.493:0.5\/rt:fill\/aHR0cDovL3R5cG8zLmRyYWNvLXByb2Quc3ZjLmNsdXN0ZXIubG9jYWwvZmlsZWFkbWluL0RyQXVzYnVldHRlbC8wMV9Qcm9kdWt0ZV92ZXJiaW5kZW4vMDFfMDFfRHJhY28vX0RTQzQ2MDkuanBn","originalUrl":"https:\/\/files.drausbuettel.de\/fileadmin\/DrAusbuettel\/01_Produkte_verbinden\/01_01_Draco\/_DSC4609.jpg","mimeType":"image\/jpeg","alternative":null,"width":1709,"height":1282}},{"cropAreaName":"storyheadpic","image":{"name":"_DSC4609.jpg","publicUrl":"https:\/\/prod.assets.drausbuettel.de\/5sm-04oT_hLJU-w9tyQAKz9oHAVjIz8u0ualSBhcwcU\/w:1920\/h:1080\/fn:Y3NtX19EU0M0NjA5XzhiNzc4ODFhNzU:t\/cb:d2739304a4a0f3f3a6789ba43fa265a388615ab8\/el:1\/q:85\/c:1920:1080.0000004725:fp:0.5:0.5\/rt:fill\/aHR0cDovL3R5cG8zLmRyYWNvLXByb2Quc3ZjLmNsdXN0ZXIubG9jYWwvZmlsZWFkbWluL0RyQXVzYnVldHRlbC8wMV9Qcm9kdWt0ZV92ZXJiaW5kZW4vMDFfMDFfRHJhY28vX0RTQzQ2MDkuanBn","originalUrl":"https:\/\/files.drausbuettel.de\/fileadmin\/DrAusbuettel\/01_Produkte_verbinden\/01_01_Draco\/_DSC4609.jpg","mimeType":"image\/jpeg","alternative":null,"width":1920,"height":1080}}]}],"falRelatedFiles":[],"categories":[{"id":32,"pid":2288,"title":"Produkte & Services","slug":"produkte-services"}],"tags":[],"dracoTags":[],"metaData":{"keywords":"","description":"","alternativeTitle":""},"slug":"https:\/\/www.drausbuettel.de\/news\/praxistour\/","pathSegment":"draco-bei-der-praxistour-premiere","moreLink":"Weiterlesen"},{"uid":1548,"title":"Soziales Engagement f\u00fcr die Dortmunder Nordtmarktgrundschule","teaser":"Die Dortmunder Nordstadt ist ein Viertel mit vielen Herausforderungen. Gleichzeitig leben hier die meisten Kinder und Jugendlichen in ganz Dortmund. F\u00fcr uns ist klar, dass wir dort unterst\u00fctzen m\u00f6chten, wo Unterst\u00fctzung wirklich wirkt. Deshalb f\u00f6rdern wir nicht nur gro\u00dfe Projekte, sondern helfen auch ganz pragmatisch und pers\u00f6nlich durch soziale Eins\u00e4tze unserer Mitarbeitenden. ","isTopNews":false,"crdate":"2026-08-07","tstamp":"2026-08-07","datetime":"2026-08-07","archive":null,"author":{"author":"","authorEmail":""},"media":[{"type":"image","properties":{"id":30260,"type":2,"filename":"titelbildnordmarktgrundschule.jpg","title":"","alternative":"","description":"","link":"","mimetype":"image\/jpeg","showInPreview":0,"creationTime":"2026-08-07 12:14:22","modificationTime":"2026-08-07 12:14:22"},"cropareas":[{"cropAreaName":"default","image":{"name":"titelbildnordmarktgrundschule.jpg","publicUrl":"https:\/\/prod.assets.drausbuettel.de\/-2dyAwggib-9Kj7LPlkCqPlZI-fn3C0UjLjybja_Q9g\/w:2307\/h:1428\/fn:Y3NtX3RpdGVsYmlsZG5vcmRtYXJrdGdydW5kc2NodWxlX2JlYTZiOThhZjk:t\/cb:8bbc101492949ec18203a716347de06e2a0ede4f\/el:1\/q:85\/aHR0cDovL3R5cG8zLmRyYWNvLXByb2Quc3ZjLmNsdXN0ZXIubG9jYWwvZmlsZWFkbWluL0RyQXVzYnVldHRlbC8wNF9OZXdzL0syX1dlcnRlX1dhcnVtL3RpdGVsYmlsZG5vcmRtYXJrdGdydW5kc2NodWxlLmpwZw","originalUrl":"https:\/\/files.drausbuettel.de\/fileadmin\/DrAusbuettel\/04_News\/K2_Werte_Warum\/titelbildnordmarktgrundschule.jpg","mimeType":"image\/jpeg","alternative":null,"width":2307,"height":1428}},{"cropAreaName":"storyteaser","image":{"name":"titelbildnordmarktgrundschule.jpg","publicUrl":"https:\/\/prod.assets.drausbuettel.de\/q-_fZCRxWYB6g_nF5wRzBd8MlpljuycVY6UVWmY9tBM\/w:2307\/h:1298\/fn:Y3NtX3RpdGVsYmlsZG5vcmRtYXJrdGdydW5kc2NodWxlXzA5MDZhZmJiOWU:t\/cb:8bbc101492949ec18203a716347de06e2a0ede4f\/el:1\/q:85\/c:2307:1297.6875005677:fp:0.5:0.5\/rt:fill\/aHR0cDovL3R5cG8zLmRyYWNvLXByb2Quc3ZjLmNsdXN0ZXIubG9jYWwvZmlsZWFkbWluL0RyQXVzYnVldHRlbC8wNF9OZXdzL0syX1dlcnRlX1dhcnVtL3RpdGVsYmlsZG5vcmRtYXJrdGdydW5kc2NodWxlLmpwZw","originalUrl":"https:\/\/files.drausbuettel.de\/fileadmin\/DrAusbuettel\/04_News\/K2_Werte_Warum\/titelbildnordmarktgrundschule.jpg","mimeType":"image\/jpeg","alternative":null,"width":2307,"height":1298}},{"cropAreaName":"storyheadpic","image":{"name":"titelbildnordmarktgrundschule.jpg","publicUrl":"https:\/\/prod.assets.drausbuettel.de\/q-_fZCRxWYB6g_nF5wRzBd8MlpljuycVY6UVWmY9tBM\/w:2307\/h:1298\/fn:Y3NtX3RpdGVsYmlsZG5vcmRtYXJrdGdydW5kc2NodWxlXzA5MDZhZmJiOWU:t\/cb:8bbc101492949ec18203a716347de06e2a0ede4f\/el:1\/q:85\/c:2307:1297.6875005677:fp:0.5:0.5\/rt:fill\/aHR0cDovL3R5cG8zLmRyYWNvLXByb2Quc3ZjLmNsdXN0ZXIubG9jYWwvZmlsZWFkbWluL0RyQXVzYnVldHRlbC8wNF9OZXdzL0syX1dlcnRlX1dhcnVtL3RpdGVsYmlsZG5vcmRtYXJrdGdydW5kc2NodWxlLmpwZw","originalUrl":"https:\/\/files.drausbuettel.de\/fileadmin\/DrAusbuettel\/04_News\/K2_Werte_Warum\/titelbildnordmarktgrundschule.jpg","mimeType":"image\/jpeg","alternative":null,"width":2307,"height":1298}}]}],"falRelatedFiles":[],"categories":[{"id":31,"pid":2288,"title":"Werte & Warum?!","slug":"werte-warum"}],"tags":[],"dracoTags":[],"metaData":{"keywords":"","description":"","alternativeTitle":""},"slug":"https:\/\/www.drausbuettel.de\/news\/soziale-einsaetze\/nordmarktgrundschule\/","pathSegment":"default-a50254c8858bca45ff06ca3b8a4677e8","moreLink":"Weiterlesen"},{"uid":1535,"title":"Mit anpacken und austauschen: Unser Tag beim Dortmunder Tatendrang","teaser":"Auch in diesem Jahr waren wir beim Dortmunder Tatendrang dabei. Unsere Mitarbeitenden unterst\u00fctzten den Bau einer Sitzecke am Blauen Haus, w\u00e4hrend Mentoren und Mentees der Dr. Ausb\u00fcttel Chancenlernwerkstatt die Schreibwerkstatt besuchten.","isTopNews":false,"crdate":"2026-07-23","tstamp":"2026-07-23","datetime":"2026-07-23","archive":null,"author":{"author":"","authorEmail":""},"media":[{"type":"image","properties":{"id":29893,"type":2,"filename":"20260703_105120259_iOS.jpg","title":"","alternative":"","description":"","link":"","mimetype":"image\/jpeg","showInPreview":0,"creationTime":"2026-07-23 08:09:46","modificationTime":"2026-07-23 08:09:46"},"cropareas":[{"cropAreaName":"default","image":{"name":"20260703_105120259_iOS.jpg","publicUrl":"https:\/\/prod.assets.drausbuettel.de\/etlF9tzImOdNVog-Xy-nOPmgSRSMKUUBeItWPB0Tjw4\/w:4284\/h:5712\/fn:Y3NtXzIwMjYwNzAzXzEwNTEyMDI1OV9pT1NfNTFhOTc4Y2U3NQ:t\/cb:fad0c6999f08d1b6d42e71e988f4a410e373e66a\/el:1\/q:85\/aHR0cDovL3R5cG8zLmRyYWNvLXByb2Quc3ZjLmNsdXN0ZXIubG9jYWwvZmlsZWFkbWluL0RyQXVzYnVldHRlbC8wNF9OZXdzL0syX1dlcnRlX1dhcnVtL1NvemlhbGVfRWluc2FldHplLzIwMjYwNzAzXzEwNTEyMDI1OV9pT1MuanBn","originalUrl":"https:\/\/files.drausbuettel.de\/fileadmin\/DrAusbuettel\/04_News\/K2_Werte_Warum\/Soziale_Einsaetze\/20260703_105120259_iOS.jpg","mimeType":"image\/jpeg","alternative":null,"width":4284,"height":5712}},{"cropAreaName":"storyteaser","image":{"name":"20260703_105120259_iOS.jpg","publicUrl":"https:\/\/prod.assets.drausbuettel.de\/jRNTxRCmh-SF9SN2TIge8Lzc1KWGvy6tpmXPj8hGosU\/w:4284\/h:4284\/fn:Y3NtXzIwMjYwNzAzXzEwNTEyMDI1OV9pT1NfMzgxMDhhZGEyYw:t\/cb:fad0c6999f08d1b6d42e71e988f4a410e373e66a\/el:1\/q:85\/c:4284:4284:fp:0.5:0.537\/rt:fill\/aHR0cDovL3R5cG8zLmRyYWNvLXByb2Quc3ZjLmNsdXN0ZXIubG9jYWwvZmlsZWFkbWluL0RyQXVzYnVldHRlbC8wNF9OZXdzL0syX1dlcnRlX1dhcnVtL1NvemlhbGVfRWluc2FldHplLzIwMjYwNzAzXzEwNTEyMDI1OV9pT1MuanBn","originalUrl":"https:\/\/files.drausbuettel.de\/fileadmin\/DrAusbuettel\/04_News\/K2_Werte_Warum\/Soziale_Einsaetze\/20260703_105120259_iOS.jpg","mimeType":"image\/jpeg","alternative":null,"width":4284,"height":4284}},{"cropAreaName":"storyheadpic","image":{"name":"20260703_105120259_iOS.jpg","publicUrl":"https:\/\/prod.assets.drausbuettel.de\/zxQ8URLm6P3jT0-lkETf6jfE_W5bs1DyK-eb8flhO4k\/w:4284\/h:4284\/fn:Y3NtXzIwMjYwNzAzXzEwNTEyMDI1OV9pT1NfMWMwN2VjNzM4MQ:t\/cb:fad0c6999f08d1b6d42e71e988f4a410e373e66a\/el:1\/q:85\/c:4284:4284:fp:0.5:0.529\/rt:fill\/aHR0cDovL3R5cG8zLmRyYWNvLXByb2Quc3ZjLmNsdXN0ZXIubG9jYWwvZmlsZWFkbWluL0RyQXVzYnVldHRlbC8wNF9OZXdzL0syX1dlcnRlX1dhcnVtL1NvemlhbGVfRWluc2FldHplLzIwMjYwNzAzXzEwNTEyMDI1OV9pT1MuanBn","originalUrl":"https:\/\/files.drausbuettel.de\/fileadmin\/DrAusbuettel\/04_News\/K2_Werte_Warum\/Soziale_Einsaetze\/20260703_105120259_iOS.jpg","mimeType":"image\/jpeg","alternative":null,"width":4284,"height":4284}}]}],"falRelatedFiles":[],"categories":[{"id":31,"pid":2288,"title":"Werte & Warum?!","slug":"werte-warum"}],"tags":[],"dracoTags":[],"metaData":{"keywords":"","description":"","alternativeTitle":""},"slug":"https:\/\/www.drausbuettel.de\/news\/dortmunder-tatendrang\/","pathSegment":"default-184f3f64439b369e2d9c4821e70289e6","moreLink":"Weiterlesen"},{"uid":1520,"title":"Sommerfest 2026 \u2013 Feiern verbindet ","teaser":"Unser Arbeitsalltag ist oft intensiv. Beim Sommerfest haben wir uns Zeit genommen: f\u00fcr Austausch, neue Begegnungen, gutes Essen, Musik und einen gemeinsamen Abend abseits der t\u00e4glichen Aufgaben.","isTopNews":false,"crdate":"2026-07-10","tstamp":"2026-07-10","datetime":"2026-07-10","archive":null,"author":{"author":"","authorEmail":""},"media":[{"type":"image","properties":{"id":29585,"type":2,"filename":"drausbuettelsommerfest2026.JPG","title":"","alternative":"","description":"","link":"","mimetype":"image\/jpeg","showInPreview":0,"creationTime":"2026-07-10 11:55:49","modificationTime":"2026-07-10 11:55:49"},"cropareas":[{"cropAreaName":"default","image":{"name":"drausbuettelsommerfest2026.JPG","publicUrl":"https:\/\/prod.assets.drausbuettel.de\/IpsYe5nvrNyLc0vByCwwLojORLC9YjLF1Iaoy8XcBcw\/w:2090\/h:1393\/fn:Y3NtX2RyYXVzYnVldHRlbHNvbW1lcmZlc3QyMDI2X2U5Y2UwY2U1ZWY:t\/cb:fdcd097b7973901515e8367fade7c6debad91c01\/el:1\/q:85\/aHR0cDovL3R5cG8zLmRyYWNvLXByb2Quc3ZjLmNsdXN0ZXIubG9jYWwvZmlsZWFkbWluL0RyQXVzYnVldHRlbC8wNF9OZXdzL0syX1dlcnRlX1dhcnVtL2RyYXVzYnVldHRlbHNvbW1lcmZlc3QyMDI2LkpQRw","originalUrl":"https:\/\/files.drausbuettel.de\/fileadmin\/DrAusbuettel\/04_News\/K2_Werte_Warum\/drausbuettelsommerfest2026.JPG","mimeType":"image\/jpeg","alternative":null,"width":2090,"height":1393}},{"cropAreaName":"storyteaser","image":{"name":"drausbuettelsommerfest2026.JPG","publicUrl":"https:\/\/prod.assets.drausbuettel.de\/0T6MHJLgfqJgX4f7ZSapofUYZNnSZ-TWiUendibkQK0\/w:1255\/h:1255\/fn:Y3NtX2RyYXVzYnVldHRlbHNvbW1lcmZlc3QyMDI2X2MzZjY3Yjk0ZmI:t\/cb:fdcd097b7973901515e8367fade7c6debad91c01\/el:1\/q:85\/c:1255.1619190405:1255.1619190405:fp:0.4795:0.547976011994\/rt:fill\/aHR0cDovL3R5cG8zLmRyYWNvLXByb2Quc3ZjLmNsdXN0ZXIubG9jYWwvZmlsZWFkbWluL0RyQXVzYnVldHRlbC8wNF9OZXdzL0syX1dlcnRlX1dhcnVtL2RyYXVzYnVldHRlbHNvbW1lcmZlc3QyMDI2LkpQRw","originalUrl":"https:\/\/files.drausbuettel.de\/fileadmin\/DrAusbuettel\/04_News\/K2_Werte_Warum\/drausbuettelsommerfest2026.JPG","mimeType":"image\/jpeg","alternative":null,"width":1255,"height":1255}},{"cropAreaName":"storyheadpic","image":{"name":"drausbuettelsommerfest2026.JPG","publicUrl":"https:\/\/prod.assets.drausbuettel.de\/khSD2hQ_cQkN2Wa_fGLK0HajeBlOYZX-gVgG6VPNGd8\/w:1276\/h:1276\/fn:Y3NtX2RyYXVzYnVldHRlbHNvbW1lcmZlc3QyMDI2XzFhYTdhOWFmN2M:t\/cb:fdcd097b7973901515e8367fade7c6debad91c01\/el:1\/q:85\/c:1276.0464767616:1276.0464767616:fp:0.4955:0.54047976011994\/rt:fill\/aHR0cDovL3R5cG8zLmRyYWNvLXByb2Quc3ZjLmNsdXN0ZXIubG9jYWwvZmlsZWFkbWluL0RyQXVzYnVldHRlbC8wNF9OZXdzL0syX1dlcnRlX1dhcnVtL2RyYXVzYnVldHRlbHNvbW1lcmZlc3QyMDI2LkpQRw","originalUrl":"https:\/\/files.drausbuettel.de\/fileadmin\/DrAusbuettel\/04_News\/K2_Werte_Warum\/drausbuettelsommerfest2026.JPG","mimeType":"image\/jpeg","alternative":null,"width":1276,"height":1276}}]}],"falRelatedFiles":[],"categories":[{"id":31,"pid":2288,"title":"Werte & Warum?!","slug":"werte-warum"}],"tags":[],"dracoTags":[],"metaData":{"keywords":"","description":"","alternativeTitle":""},"slug":"https:\/\/www.drausbuettel.de\/news\/sommerfest-2026\/","pathSegment":"default-bfca821c85b757870b4fad6bcdbdec1b","moreLink":"Weiterlesen"}],"settings":{"orderBy":"datetime","orderDirection":"desc","templateLayout":"","showCategoryFilter":0,"headerBackgroundColor":"","categories":[{"id":32,"pid":2288,"title":"Produkte & Services","slug":"produkte-services"},{"id":31,"pid":2288,"title":"Werte & Warum?!","slug":"werte-warum"},{"id":33,"pid":2288,"title":"Jobs & Bereiche","slug":"jobs-bereiche"},{"id":34,"pid":2288,"title":"Podcast & Presse","slug":"podcast-presse"}],"customLinkUrl":"https:\/\/www.drausbuettel.de\/news\/","customLinkLabel":"Zu allen News","action":"list","cropMaxCharacters":"150"}}}}]}}